{"id":23212,"date":"2022-06-03T10:55:23","date_gmt":"2022-06-03T08:55:23","guid":{"rendered":"https:\/\/www.engrenages.eu\/?post_type=tribe_events&#038;p=23212"},"modified":"2023-01-10T16:39:40","modified_gmt":"2023-01-10T15:39:40","slug":"bal-du-tout-monde-representation-auray","status":"publish","type":"tribe_events","link":"https:\/\/www.engrenages.eu\/en\/evenement\/bal-du-tout-monde-representation-auray\/","title":{"rendered":"Bal du \u00ab&nbsp;Tout-monde&nbsp;\u00bb \u2013 Repr\u00e9sentation \u2013 Auray"},"content":{"rendered":"<h3>LE CONCEPT<b><\/b><\/h3>\n<div>Spec\u00adtacle \u00e0 dan\u00adser, bal voya\u00adgeur \/ Ambian\u00adc\u00e9 par 4 danseurs\u00b7ses &amp; 1&nbsp;DJ<\/div>\n<div>Dur\u00e9e&nbsp;: 2h30 \/ Tout public, \u00e0 par\u00adtir de 6&nbsp;ans<\/div>\n<div>Conseill\u00e9 en fin d\u2019apr\u00e8s midi, en soi\u00adr\u00e9e, en nuit et en bas\u00adkets<\/div>\n<div>\u2014\u200a\u2014\u200a\u2014<\/div>\n<div>\n<div>Id\u00e9\u00e9 ori\u00adgi\u00adnale et cho\u00adr\u00e9\u00adgra\u00adphie **: Marie Hou\u00addin<\/div>\n<div>** Sauf pas\u00adsage cho\u00adr\u00e9\u00adgra\u00adphique d\u2019ensemble Cuba, sur le mor\u00adceau \u00ab&nbsp;La Haba\u00adna Bue\u00adna&nbsp;\u00bb de Palo&nbsp;! com\u00adpo\u00ads\u00e9 et trans\u00admis par Vanes\u00adsa Nei\u00adra<\/div>\n<\/div>\n<div>\u2014\u200a\u2014\u200a\u2014<\/div>\n<p><em><span class=\"dquo\">\u00ab<\/span>&nbsp;Le Tout-Monde d\u00e9signe ce fai\u00adsant la copr\u00e9\u00adsence nou\u00advelle des \u00eatres et des choses, l\u2019\u00e9tat de mon\u00addia\u00adli\u00adt\u00e9 dans lequel r\u00e8gne la rela\u00adtion.&nbsp;\u00bb<\/em> \u00c9douard Glis\u00adsant<\/p>\n<p><em><span class=\"dquo\">\u00ab<\/span>&nbsp;VIENS \u00bb\u2026 \u00ab&nbsp;VEM \u00bb\u2026 \u00ab&nbsp;YAKA \u00bb\u2026 \u00ab&nbsp;COME ON \u00bb\u2026 \u00ab&nbsp;VENGA \u00bb\u2026 \u00ab&nbsp;NIOW\u00cbL \u00bb\u2026 \u00ab&nbsp;YAKATOBINA \u00bb\u2026 \u00ab&nbsp;VAMOS DANCAR \u00bb\u2026 \u00ab&nbsp;KAYF\u00c8TCH \u00bb\u2026 \u00ab&nbsp;ON VA DANSER \u00bb\u2026 \u00ab&nbsp;DANCE&nbsp;! \u00bb\u2026 \u00ab&nbsp;VAMOS A BAILAR \u00bb\u2026 \u00ab&nbsp;NIOUNE NI\u00cbP \u00bb\u2026 \u00ab&nbsp;TOGETHER \u00bb\u2026 \u00ab&nbsp;ENSEMBLE \u00bb\u2026 \u00ab&nbsp;JUNTOS \u00bb\u2026 \u00ab&nbsp;ELONGO&nbsp;\u00bb<\/em><\/p>\n<p>Bien\u00adve\u00adnue \u00e0 bord du vol \u00ab&nbsp;Afri\u00adca\u00adme\u00adra\u00efbe&nbsp;\u00bb, \u00e0 des\u00adti\u00adna\u00adtion de l\u2019archipel du \u00ab&nbsp;Tout \u2013 Monde&nbsp;\u00bb. Ici, pas ques\u00adtion d\u2019attacher sa cein\u00adture&nbsp;: le groove est roi&nbsp;! La mifa du \u00ab&nbsp;Tout \u2013 Monde&nbsp;\u00bb est votre guide dans ce road trip dan\u00adsant. D\u2019une escale \u00e0 l\u2019autre, vous \u00eates invit\u00e9\u00b7e\u00b7s \u00e0 un voyage qui rap\u00adproche des \u00eeles et des conti\u00adnents. Sap\u00e9\u00b7e\u00b7s de vos habits de lumi\u00e8re, il n\u2019y a plus qu\u2019\u00e0 vous lais\u00adser conta\u00admi\u00adner et \u00e0 cha\u00adlou\u00adper en lais\u00adsant le bon temps rou\u00adler&nbsp;!<\/p>\n<p>Danses sacr\u00e9es, danses sociales, danses de couples, danses de club, le \u00ab&nbsp;Bal du Tout \u2013 Monde&nbsp;\u00bb vous invite \u00e0 tra\u00adver\u00adser un \u00e9ven\u00adtail de danses \u00e0 par\u00adta\u00adger. Des grands royaumes d\u2019Afrique, en pas\u00adsant par cer\u00adtaines des \u00eeles des Ta\u00ef\u00adno \u2013 plus connues sous le nom de \u00ab&nbsp;Cara\u00efbe&nbsp;\u00bb aujourd\u2019hui, sans oublier de s\u2019arr\u00eater dans de grandes Villes-Monde des \u00c9tats-Unis, le Griot Urbain vous invite \u00e0 remon\u00adter le fil d\u2019histoires de danses qui nous lient les uns aux autres, \u00e0 l\u2019occasion d\u2019une grande f\u00eate irr\u00e9\u00adsis\u00adtible.<\/p>\n<p>Ain\u00adsi, le&nbsp;Bal du \u00ab&nbsp;Tout-Monde&nbsp;\u00bb rend hom\u00admage au r\u00e9per\u00adtoire des danses cr\u00e9o\u00adli\u00ads\u00e9es issues de la dia\u00adspo\u00adra afri\u00adcaine. Il prend pos\u00adses\u00adsion d\u2019un espace public ou invite l\u2019espace \u00e0 deve\u00adnir public le temps du bal et met le cap sur une s\u00e9lec\u00adtion de danses n\u00e9es en Afrique de l\u2019Ouest et cen\u00adtrale, en Cara\u00efbe et aux USA. Les danses qui com\u00adposent le r\u00e9per\u00adtoire du bal pro\u00adviennent d\u2019Afrique de l\u2019Ouest et cen\u00adtrale, des \u00eeles d\u2019Ha\u00efti et de Cuba, et de villes des USA telles que la Nou\u00advelle Orl\u00e9ans, Chi\u00adca\u00adgo, Los Angeles, New York et D\u00e9troit.<\/p>\n<p><strong>\u00c9quipe<\/strong><br>\nCho\u00adr\u00e9\u00adgra\u00adphie-\u00e9cri\u00adture&nbsp;: Marie Hou\u00addin<br>\nDan\u00adseurs-meneurs&nbsp;: Tony Zao\u00adlo (en rem\u00adpla\u00adce\u00adment de Gabriel UM), Vanes\u00adsa Nei\u00adra, Bap\u00adtiste Tar\u00adlet, Vir\u00adgi\u00adnie Sava\u00adry, Marie Hou\u00addin<br>\nMusi\u00adcien&nbsp;: Dj Heat\u00adfool<br>\nR\u00e9gie tech\u00adnique g\u00e9n\u00e9\u00adrale et lumi\u00e8res&nbsp;: St\u00e9\u00adphane Le Tal\u00adlec<br>\nR\u00e9gie son&nbsp;: Bap\u00adtiste Tar\u00adlet<br>\nRegard ext\u00e9\u00adrieur&nbsp;: Chris\u00adtine Cor\u00adday<br>\nCos\u00adtumes&nbsp;: LeSo\u00adleil\u00adNoire<br>\n\u00c9l\u00e9\u00adments de sc\u00e9\u00adno\u00adgra\u00adphie&nbsp;: Alexandre Lemagne<br>\nDif\u00adfu\u00adsion&nbsp;: Julie Bes\u00adse\u00adro\u00adva Cho\u00admard pour Engrenage[s]<\/p>\n<p>Aide \u00e0 la r\u00e9si\u00addence mutua\u00adli\u00ads\u00e9e Rennes M\u00e9tro\u00adpole<\/p>\n<p><strong>Copro\u00adduc\u00adtion<\/strong><br>\nLes Tom\u00adb\u00e9es De La Nuit (Rennes), L\u2019Hermine \u2013 Sc\u00e8ne de ter\u00adri\u00adtoire pour la danse \u00e0 Sar\u00adzeau \/ Golfe du Mor\u00adbi\u00adhan Vannes Agglo\u00adm\u00e9\u00adra\u00adtion, Le Fes\u00adti\u00adval Les Renc\u2019arts Hip Hop, Le Tr\u00e8s T\u00f4t Th\u00e9\u00e2tre, Sc\u00e8ne Conven\u00adtion\u00adn\u00e9e Jeune Public (Quim\u00adper), Le Mus\u00e9e de la Danse \/ CCNRB (Rennes)<\/p>\n<p><strong>Accueil en r\u00e9si\u00addence<\/strong><br>\nLe Tr\u00e8s t\u00f4t th\u00e9\u00e2tre, Le Quartz Brest, Le Mus\u00e9e de la Danse \/ CCNRB (Rennes), Centre cultu\u00adrel l\u2019Hermine (Sar\u00adzeau), MJC de Pac\u00e9, le Dan\u00adcing d\u2019Ocus (St-Ger\u00admain-sur-Ille), la Tour d\u2019Auvergne (Rennes), Le Tri\u00adangle (Rennes), la Mjc Br\u00e9\u00adqui\u00adgny Rennes<\/p>\n","protected":false},"excerpt":{"rendered":"<p>LE CONCEPT Spec\u00adtacle \u00e0 dan\u00adser, bal voya\u00adgeur \/ Ambian\u00adc\u00e9 par 4 danseurs\u00b7ses &amp; 1&nbsp;DJ Dur\u00e9e&nbsp;: 2h30 \/ Tout public, \u00e0 par\u00adtir de 6&nbsp;ans Conseill\u00e9 en fin d\u2019apr\u00e8s midi, en soi\u00adr\u00e9e,\u2026<\/p>\n","protected":false},"author":3,"featured_media":23197,"comment_status":"closed","ping_status":"closed","template":"","meta":{"wp_typography_post_enhancements_disabled":false,"_tribe_events_status":"","_tribe_events_status_reason":"","_tribe_events_is_hybrid":"","_tribe_events_is_virtual":"","_tribe_events_virtual_video_source":"","_tribe_events_virtual_embed_video":"","_tribe_events_virtual_linked_button_text":"","_tribe_events_virtual_linked_button":"","_tribe_events_virtual_show_embed_at":"","_tribe_events_virtual_show_embed_to":[],"_tribe_events_virtual_show_on_event":"","_tribe_events_virtual_show_on_views":"","_tribe_events_virtual_url":"","footnotes":""},"tags":[],"tribe_events_cat":[80,37],"class_list":["post-23212","tribe_events","type-tribe_events","status-publish","has-post-thumbnail","hentry","tribe_events_cat-le-bal-du-tout-monde","tribe_events_cat-spectacles","cat_le-bal-du-tout-monde","cat_spectacles"],"yoast_head":"<!-- This site is optimized with the Yoast SEO plugin v27.4 - https:\/\/yoast.com\/product\/yoast-seo-wordpress\/ -->\n<title>Bal du &quot;Tout-monde&quot; - Repr\u00e9sentation - Auray - Engrenage[s], G\u00e9n\u00e9rateur de projets artistiques \u00e0 Rennes<\/title>\n<meta name=\"robots\" content=\"index, follow, max-snippet:-1, max-image-preview:large, max-video-preview:-1\" \/>\n<link rel=\"canonical\" href=\"https:\/\/www.engrenages.eu\/en\/evenement\/bal-du-tout-monde-representation-auray\/\" \/>\n<meta property=\"og:locale\" content=\"en_US\" \/>\n<meta property=\"og:type\" content=\"article\" \/>\n<meta property=\"og:title\" content=\"Bal du &quot;Tout-monde&quot; - Repr\u00e9sentation - Auray - Engrenage[s], G\u00e9n\u00e9rateur de projets artistiques \u00e0 Rennes\" \/>\n<meta property=\"og:description\" content=\"LE CONCEPT Spec\u00adtacle \u00e0 dan\u00adser, bal voya\u00adgeur \/ Ambian\u00adc\u00e9 par 4 danseurs\u00b7ses &amp; 1&nbsp;DJ Dur\u00e9e&nbsp;: 2h30 \/ Tout public, \u00e0 par\u00adtir de 6&nbsp;ans Conseill\u00e9 en fin d\u2019apr\u00e8s midi, en soi\u00adr\u00e9e,...\" \/>\n<meta property=\"og:url\" content=\"https:\/\/www.engrenages.eu\/en\/evenement\/bal-du-tout-monde-representation-auray\/\" \/>\n<meta property=\"og:site_name\" content=\"Engrenage[s]\" \/>\n<meta property=\"article:publisher\" content=\"https:\/\/www.facebook.com\/engrenagesrennes\" \/>\n<meta property=\"article:modified_time\" content=\"2023-01-10T15:39:40+00:00\" \/>\n<meta property=\"og:image\" content=\"https:\/\/www.engrenages.eu\/wp-content\/uploads\/2022\/06\/Bal-du-22tout-monde22.jpg\" \/>\n\t<meta property=\"og:image:width\" content=\"1320\" \/>\n\t<meta property=\"og:image:height\" content=\"880\" \/>\n\t<meta property=\"og:image:type\" content=\"image\/jpeg\" \/>\n<meta name=\"twitter:card\" content=\"summary_large_image\" \/>\n<meta name=\"twitter:label1\" content=\"Est. reading time\" \/>\n\t<meta name=\"twitter:data1\" content=\"3 minutes\" \/>\n<script type=\"application\/ld+json\" class=\"yoast-schema-graph\">{\"@context\":\"https:\\\/\\\/schema.org\",\"@graph\":[{\"@type\":\"WebPage\",\"@id\":\"https:\\\/\\\/www.engrenages.eu\\\/en\\\/evenement\\\/bal-du-tout-monde-representation-auray\\\/\",\"url\":\"https:\\\/\\\/www.engrenages.eu\\\/en\\\/evenement\\\/bal-du-tout-monde-representation-auray\\\/\",\"name\":\"Bal du \\\"Tout-monde\\\" - Repr\u00e9sentation - Auray - Engrenage[s], G\u00e9n\u00e9rateur de projets artistiques \u00e0 Rennes\",\"isPartOf\":{\"@id\":\"https:\\\/\\\/www.engrenages.eu\\\/en\\\/#website\"},\"primaryImageOfPage\":{\"@id\":\"https:\\\/\\\/www.engrenages.eu\\\/en\\\/evenement\\\/bal-du-tout-monde-representation-auray\\\/#primaryimage\"},\"image\":{\"@id\":\"https:\\\/\\\/www.engrenages.eu\\\/en\\\/evenement\\\/bal-du-tout-monde-representation-auray\\\/#primaryimage\"},\"thumbnailUrl\":\"https:\\\/\\\/www.engrenages.eu\\\/wp-content\\\/uploads\\\/2022\\\/06\\\/Bal-du-22tout-monde22.jpg\",\"datePublished\":\"2022-06-03T08:55:23+00:00\",\"dateModified\":\"2023-01-10T15:39:40+00:00\",\"breadcrumb\":{\"@id\":\"https:\\\/\\\/www.engrenages.eu\\\/en\\\/evenement\\\/bal-du-tout-monde-representation-auray\\\/#breadcrumb\"},\"inLanguage\":\"en-US\",\"potentialAction\":[{\"@type\":\"ReadAction\",\"target\":[\"https:\\\/\\\/www.engrenages.eu\\\/en\\\/evenement\\\/bal-du-tout-monde-representation-auray\\\/\"]}]},{\"@type\":\"ImageObject\",\"inLanguage\":\"en-US\",\"@id\":\"https:\\\/\\\/www.engrenages.eu\\\/en\\\/evenement\\\/bal-du-tout-monde-representation-auray\\\/#primaryimage\",\"url\":\"https:\\\/\\\/www.engrenages.eu\\\/wp-content\\\/uploads\\\/2022\\\/06\\\/Bal-du-22tout-monde22.jpg\",\"contentUrl\":\"https:\\\/\\\/www.engrenages.eu\\\/wp-content\\\/uploads\\\/2022\\\/06\\\/Bal-du-22tout-monde22.jpg\",\"width\":1320,\"height\":880},{\"@type\":\"BreadcrumbList\",\"@id\":\"https:\\\/\\\/www.engrenages.eu\\\/en\\\/evenement\\\/bal-du-tout-monde-representation-auray\\\/#breadcrumb\",\"itemListElement\":[{\"@type\":\"ListItem\",\"position\":1,\"name\":\"Home\",\"item\":\"https:\\\/\\\/www.engrenages.eu\\\/en\\\/home\\\/\"},{\"@type\":\"ListItem\",\"position\":2,\"name\":\"Events\",\"item\":\"https:\\\/\\\/www.engrenages.eu\\\/en\\\/evenements\\\/\"},{\"@type\":\"ListItem\",\"position\":3,\"name\":\"Bal du \u00ab&nbsp;Tout-monde&nbsp;\u00bb \u2013 Repr\u00e9sentation \u2013 Auray\"}]},{\"@type\":\"WebSite\",\"@id\":\"https:\\\/\\\/www.engrenages.eu\\\/en\\\/#website\",\"url\":\"https:\\\/\\\/www.engrenages.eu\\\/en\\\/\",\"name\":\"Engrenage[s]\",\"description\":\"G\u00e9n\u00e9rateur de projets artistiques \u00e0 Rennes\",\"publisher\":{\"@id\":\"https:\\\/\\\/www.engrenages.eu\\\/en\\\/#organization\"},\"potentialAction\":[{\"@type\":\"SearchAction\",\"target\":{\"@type\":\"EntryPoint\",\"urlTemplate\":\"https:\\\/\\\/www.engrenages.eu\\\/en\\\/?s={search_term_string}\"},\"query-input\":{\"@type\":\"PropertyValueSpecification\",\"valueRequired\":true,\"valueName\":\"search_term_string\"}}],\"inLanguage\":\"en-US\"},{\"@type\":\"Organization\",\"@id\":\"https:\\\/\\\/www.engrenages.eu\\\/en\\\/#organization\",\"name\":\"Engrenage[s]\",\"url\":\"https:\\\/\\\/www.engrenages.eu\\\/en\\\/\",\"logo\":{\"@type\":\"ImageObject\",\"inLanguage\":\"en-US\",\"@id\":\"https:\\\/\\\/www.engrenages.eu\\\/en\\\/#\\\/schema\\\/logo\\\/image\\\/\",\"url\":\"https:\\\/\\\/www.engrenages.eu\\\/wp-content\\\/uploads\\\/2017\\\/08\\\/logo-retina.png\",\"contentUrl\":\"https:\\\/\\\/www.engrenages.eu\\\/wp-content\\\/uploads\\\/2017\\\/08\\\/logo-retina.png\",\"width\":400,\"height\":100,\"caption\":\"Engrenage[s]\"},\"image\":{\"@id\":\"https:\\\/\\\/www.engrenages.eu\\\/en\\\/#\\\/schema\\\/logo\\\/image\\\/\"},\"sameAs\":[\"https:\\\/\\\/www.facebook.com\\\/engrenagesrennes\",\"https:\\\/\\\/www.instagram.com\\\/engrenages_rennes\\\/\",\"https:\\\/\\\/www.youtube.com\\\/user\\\/compagnieengrenage\"]}]}<\/script>\n<!-- \/ Yoast SEO plugin. -->","yoast_head_json":{"title":"Bal du \"Tout-monde\" - Repr\u00e9sentation - Auray - Engrenage[s], G\u00e9n\u00e9rateur de projets artistiques \u00e0 Rennes","robots":{"index":"index","follow":"follow","max-snippet":"max-snippet:-1","max-image-preview":"max-image-preview:large","max-video-preview":"max-video-preview:-1"},"canonical":"https:\/\/www.engrenages.eu\/en\/evenement\/bal-du-tout-monde-representation-auray\/","og_locale":"en_US","og_type":"article","og_title":"Bal du \"Tout-monde\" - Repr\u00e9sentation - Auray - Engrenage[s], G\u00e9n\u00e9rateur de projets artistiques \u00e0 Rennes","og_description":"LE CONCEPT Spec\u00adtacle \u00e0 dan\u00adser, bal voya\u00adgeur \/ Ambian\u00adc\u00e9 par 4 danseurs\u00b7ses &amp; 1&nbsp;DJ Dur\u00e9e&nbsp;: 2h30 \/ Tout public, \u00e0 par\u00adtir de 6&nbsp;ans Conseill\u00e9 en fin d\u2019apr\u00e8s midi, en soi\u00adr\u00e9e,...","og_url":"https:\/\/www.engrenages.eu\/en\/evenement\/bal-du-tout-monde-representation-auray\/","og_site_name":"Engrenage[s]","article_publisher":"https:\/\/www.facebook.com\/engrenagesrennes","article_modified_time":"2023-01-10T15:39:40+00:00","og_image":[{"width":1320,"height":880,"url":"https:\/\/www.engrenages.eu\/wp-content\/uploads\/2022\/06\/Bal-du-22tout-monde22.jpg","type":"image\/jpeg"}],"twitter_card":"summary_large_image","twitter_misc":{"Est. reading time":"3 minutes"},"schema":{"@context":"https:\/\/schema.org","@graph":[{"@type":"WebPage","@id":"https:\/\/www.engrenages.eu\/en\/evenement\/bal-du-tout-monde-representation-auray\/","url":"https:\/\/www.engrenages.eu\/en\/evenement\/bal-du-tout-monde-representation-auray\/","name":"Bal du \"Tout-monde\" - Repr\u00e9sentation - Auray - Engrenage[s], G\u00e9n\u00e9rateur de projets artistiques \u00e0 Rennes","isPartOf":{"@id":"https:\/\/www.engrenages.eu\/en\/#website"},"primaryImageOfPage":{"@id":"https:\/\/www.engrenages.eu\/en\/evenement\/bal-du-tout-monde-representation-auray\/#primaryimage"},"image":{"@id":"https:\/\/www.engrenages.eu\/en\/evenement\/bal-du-tout-monde-representation-auray\/#primaryimage"},"thumbnailUrl":"https:\/\/www.engrenages.eu\/wp-content\/uploads\/2022\/06\/Bal-du-22tout-monde22.jpg","datePublished":"2022-06-03T08:55:23+00:00","dateModified":"2023-01-10T15:39:40+00:00","breadcrumb":{"@id":"https:\/\/www.engrenages.eu\/en\/evenement\/bal-du-tout-monde-representation-auray\/#breadcrumb"},"inLanguage":"en-US","potentialAction":[{"@type":"ReadAction","target":["https:\/\/www.engrenages.eu\/en\/evenement\/bal-du-tout-monde-representation-auray\/"]}]},{"@type":"ImageObject","inLanguage":"en-US","@id":"https:\/\/www.engrenages.eu\/en\/evenement\/bal-du-tout-monde-representation-auray\/#primaryimage","url":"https:\/\/www.engrenages.eu\/wp-content\/uploads\/2022\/06\/Bal-du-22tout-monde22.jpg","contentUrl":"https:\/\/www.engrenages.eu\/wp-content\/uploads\/2022\/06\/Bal-du-22tout-monde22.jpg","width":1320,"height":880},{"@type":"BreadcrumbList","@id":"https:\/\/www.engrenages.eu\/en\/evenement\/bal-du-tout-monde-representation-auray\/#breadcrumb","itemListElement":[{"@type":"ListItem","position":1,"name":"Home","item":"https:\/\/www.engrenages.eu\/en\/home\/"},{"@type":"ListItem","position":2,"name":"Events","item":"https:\/\/www.engrenages.eu\/en\/evenements\/"},{"@type":"ListItem","position":3,"name":"Bal du \u00ab&nbsp;Tout-monde&nbsp;\u00bb \u2013 Repr\u00e9sentation \u2013 Auray"}]},{"@type":"WebSite","@id":"https:\/\/www.engrenages.eu\/en\/#website","url":"https:\/\/www.engrenages.eu\/en\/","name":"Engrenage[s]","description":"G\u00e9n\u00e9rateur de projets artistiques \u00e0 Rennes","publisher":{"@id":"https:\/\/www.engrenages.eu\/en\/#organization"},"potentialAction":[{"@type":"SearchAction","target":{"@type":"EntryPoint","urlTemplate":"https:\/\/www.engrenages.eu\/en\/?s={search_term_string}"},"query-input":{"@type":"PropertyValueSpecification","valueRequired":true,"valueName":"search_term_string"}}],"inLanguage":"en-US"},{"@type":"Organization","@id":"https:\/\/www.engrenages.eu\/en\/#organization","name":"Engrenage[s]","url":"https:\/\/www.engrenages.eu\/en\/","logo":{"@type":"ImageObject","inLanguage":"en-US","@id":"https:\/\/www.engrenages.eu\/en\/#\/schema\/logo\/image\/","url":"https:\/\/www.engrenages.eu\/wp-content\/uploads\/2017\/08\/logo-retina.png","contentUrl":"https:\/\/www.engrenages.eu\/wp-content\/uploads\/2017\/08\/logo-retina.png","width":400,"height":100,"caption":"Engrenage[s]"},"image":{"@id":"https:\/\/www.engrenages.eu\/en\/#\/schema\/logo\/image\/"},"sameAs":["https:\/\/www.facebook.com\/engrenagesrennes","https:\/\/www.instagram.com\/engrenages_rennes\/","https:\/\/www.youtube.com\/user\/compagnieengrenage"]}]}},"_links":{"self":[{"href":"https:\/\/www.engrenages.eu\/en\/wp-json\/wp\/v2\/tribe_events\/23212","targetHints":{"allow":["GET"]}}],"collection":[{"href":"https:\/\/www.engrenages.eu\/en\/wp-json\/wp\/v2\/tribe_events"}],"about":[{"href":"https:\/\/www.engrenages.eu\/en\/wp-json\/wp\/v2\/types\/tribe_events"}],"author":[{"embeddable":true,"href":"https:\/\/www.engrenages.eu\/en\/wp-json\/wp\/v2\/users\/3"}],"replies":[{"embeddable":true,"href":"https:\/\/www.engrenages.eu\/en\/wp-json\/wp\/v2\/comments?post=23212"}],"version-history":[{"count":0,"href":"https:\/\/www.engrenages.eu\/en\/wp-json\/wp\/v2\/tribe_events\/23212\/revisions"}],"wp:featuredmedia":[{"embeddable":true,"href":"https:\/\/www.engrenages.eu\/en\/wp-json\/wp\/v2\/media\/23197"}],"wp:attachment":[{"href":"https:\/\/www.engrenages.eu\/en\/wp-json\/wp\/v2\/media?parent=23212"}],"wp:term":[{"taxonomy":"post_tag","embeddable":true,"href":"https:\/\/www.engrenages.eu\/en\/wp-json\/wp\/v2\/tags?post=23212"},{"taxonomy":"tribe_events_cat","embeddable":true,"href":"https:\/\/www.engrenages.eu\/en\/wp-json\/wp\/v2\/tribe_events_cat?post=23212"}],"curies":[{"name":"wp","href":"https:\/\/api.w.org\/{rel}","templated":true}]}}