{"id":22961,"date":"2022-04-07T16:22:14","date_gmt":"2022-04-07T14:22:14","guid":{"rendered":"https:\/\/www.engrenages.eu\/?post_type=tribe_events&#038;p=22961"},"modified":"2023-01-10T16:39:49","modified_gmt":"2023-01-10T15:39:49","slug":"communaute-representation-avec-choeur-de-danseurs","status":"publish","type":"tribe_events","link":"https:\/\/www.engrenages.eu\/en\/evenement\/communaute-representation-avec-choeur-de-danseurs\/","title":{"rendered":"COMMUNAUT\u00c9 \u2013 repr\u00e9sentation avec Choeur de Danseurs \u2013 Dalle Kennedy"},"content":{"rendered":"<p>\u00ab&nbsp;Com\u00admu\u00adnau\u00adt\u00e9&nbsp;\u00bb<br>\nCette cr\u00e9a\u00adtion cho\u00adr\u00e9\u00adgra\u00adphique par Elo\u00addie Beau\u00addet et Franck Gui\u00adzonne aka Fran\u00adco, est le fruit d\u2019une recherche par\u00adtant des sin\u00adgu\u00adla\u00adri\u00adt\u00e9s de chaque dan\u00adseur-se, pour aller vers la construc\u00adtion d\u2019une his\u00adtoire com\u00admune. Faite d\u2019al\u00adlers-retours entre indi\u00advi\u00addu et col\u00adlec\u00adtif, la per\u00adfor\u00admance retrace la nais\u00adsance d\u2019un groupe \u00e9la\u00adbo\u00adrant ses rep\u00e8res, nour\u00adris\u00adsant son his\u00adtoire, d\u00e9cou\u00advrant des limites, des\u00adsi\u00adnant ses contours\u2026<br>\nCom\u00admu\u00adnau\u00adt\u00e9, c\u2019est l\u2019utopie d\u2019une Alchi\u00admie posi\u00adtive qui trans\u00adforme les blo\u00adcages du repli sur soi en un pou\u00advoir pr\u00e9\u00adcieux, un besoin de ren\u00adcontre, une envie de construire ensemble\u2026<br>\nDan\u00adseurs&nbsp;: Nadia Gu\u00e9\u00adri\u00adneau, Seth Nga\u00adba, Julien Bocl\u00e9, San\u00addrine Hoff, Soua\u00adhi\u00adli Atou\u00adma\u00adni<\/p>\n<p><strong>En par\u00adte\u00adna\u00adriat avec Rennes au Plu\u00adriel, les dan\u00adseurs de COMMUNAUT\u00c9 seront accom\u00adpa\u00adgn\u00e9s d\u2019un ch\u0153ur de dan\u00adseur for\u00adm\u00e9s de volon\u00adtaires, sen\u00adsibles \u00e0 la danse, ama\u00adteurs ou n\u00e9o\u00adphytes, petits et grand. Ceux-ci auront sui\u00advi deux ate\u00adliers de deux heures et une R\u00e9p\u00e9\u00adti\u00adtion G\u00e9n\u00e9\u00adrale avant de pr\u00e9\u00adsen\u00adter le spec\u00adtacle.&nbsp;<\/strong><\/p>\n","protected":false},"excerpt":{"rendered":"<p>\u00ab&nbsp;Com\u00admu\u00adnau\u00adt\u00e9&nbsp;\u00bb Cette cr\u00e9a\u00adtion cho\u00adr\u00e9\u00adgra\u00adphique par Elo\u00addie Beau\u00addet et Franck Gui\u00adzonne aka Fran\u00adco, est le fruit d\u2019une recherche par\u00adtant des sin\u00adgu\u00adla\u00adri\u00adt\u00e9s de chaque dan\u00ad\u00adseur-se, pour aller vers la construc\u00adtion d\u2019une his\u00adtoire\u2026<\/p>\n","protected":false},"author":3,"featured_media":22628,"comment_status":"closed","ping_status":"closed","template":"","meta":{"wp_typography_post_enhancements_disabled":false,"_tribe_events_status":"","_tribe_events_status_reason":"","_tribe_events_is_hybrid":"","_tribe_events_is_virtual":"","_tribe_events_virtual_video_source":"","_tribe_events_virtual_embed_video":"","_tribe_events_virtual_linked_button_text":"","_tribe_events_virtual_linked_button":"","_tribe_events_virtual_show_embed_at":"","_tribe_events_virtual_show_embed_to":[],"_tribe_events_virtual_show_on_event":"","_tribe_events_virtual_show_on_views":"","_tribe_events_virtual_url":"","footnotes":""},"tags":[],"tribe_events_cat":[103,89],"class_list":["post-22961","tribe_events","type-tribe_events","status-publish","has-post-thumbnail","hentry","tribe_events_cat-communaute","tribe_events_cat-evenements-participatifs","cat_communaute","cat_evenements-participatifs"],"yoast_head":"<!-- This site is optimized with the Yoast SEO plugin v27.4 - https:\/\/yoast.com\/product\/yoast-seo-wordpress\/ -->\n<title>COMMUNAUT\u00c9 - repr\u00e9sentation avec Choeur de Danseurs - Dalle Kennedy - Engrenage[s], G\u00e9n\u00e9rateur de projets artistiques \u00e0 Rennes<\/title>\n<meta name=\"robots\" content=\"index, follow, max-snippet:-1, max-image-preview:large, max-video-preview:-1\" \/>\n<link rel=\"canonical\" href=\"https:\/\/www.engrenages.eu\/en\/evenement\/communaute-representation-avec-choeur-de-danseurs\/\" \/>\n<meta property=\"og:locale\" content=\"en_US\" \/>\n<meta property=\"og:type\" content=\"article\" \/>\n<meta property=\"og:title\" content=\"COMMUNAUT\u00c9 - repr\u00e9sentation avec Choeur de Danseurs - Dalle Kennedy - Engrenage[s], G\u00e9n\u00e9rateur de projets artistiques \u00e0 Rennes\" \/>\n<meta property=\"og:description\" content=\"\u00ab&nbsp;Com\u00admu\u00adnau\u00adt\u00e9&nbsp;\u00bb Cette cr\u00e9a\u00adtion cho\u00adr\u00e9\u00adgra\u00adphique par Elo\u00addie Beau\u00addet et Franck Gui\u00adzonne aka Fran\u00adco, est le fruit d\u2019une recherche par\u00adtant des sin\u00adgu\u00adla\u00adri\u00adt\u00e9s de chaque dan\u00adseur-se, pour aller vers la construc\u00adtion d\u2019une his\u00adtoire...\" \/>\n<meta property=\"og:url\" content=\"https:\/\/www.engrenages.eu\/en\/evenement\/communaute-representation-avec-choeur-de-danseurs\/\" \/>\n<meta property=\"og:site_name\" content=\"Engrenage[s]\" \/>\n<meta property=\"article:publisher\" content=\"https:\/\/www.facebook.com\/engrenagesrennes\" \/>\n<meta property=\"article:modified_time\" content=\"2023-01-10T15:39:49+00:00\" \/>\n<meta property=\"og:image\" content=\"https:\/\/www.engrenages.eu\/wp-content\/uploads\/2022\/01\/264838260_3486696458223436_8996125827825465344_n.jpg\" \/>\n\t<meta property=\"og:image:width\" content=\"2048\" \/>\n\t<meta property=\"og:image:height\" content=\"1365\" \/>\n\t<meta property=\"og:image:type\" content=\"image\/jpeg\" \/>\n<meta name=\"twitter:card\" content=\"summary_large_image\" \/>\n<meta name=\"twitter:label1\" content=\"Est. reading time\" \/>\n\t<meta name=\"twitter:data1\" content=\"1 minute\" \/>\n<script type=\"application\/ld+json\" class=\"yoast-schema-graph\">{\"@context\":\"https:\\\/\\\/schema.org\",\"@graph\":[{\"@type\":\"WebPage\",\"@id\":\"https:\\\/\\\/www.engrenages.eu\\\/en\\\/evenement\\\/communaute-representation-avec-choeur-de-danseurs\\\/\",\"url\":\"https:\\\/\\\/www.engrenages.eu\\\/en\\\/evenement\\\/communaute-representation-avec-choeur-de-danseurs\\\/\",\"name\":\"COMMUNAUT\u00c9 - repr\u00e9sentation avec Choeur de Danseurs - Dalle Kennedy - Engrenage[s], G\u00e9n\u00e9rateur de projets artistiques \u00e0 Rennes\",\"isPartOf\":{\"@id\":\"https:\\\/\\\/www.engrenages.eu\\\/en\\\/#website\"},\"primaryImageOfPage\":{\"@id\":\"https:\\\/\\\/www.engrenages.eu\\\/en\\\/evenement\\\/communaute-representation-avec-choeur-de-danseurs\\\/#primaryimage\"},\"image\":{\"@id\":\"https:\\\/\\\/www.engrenages.eu\\\/en\\\/evenement\\\/communaute-representation-avec-choeur-de-danseurs\\\/#primaryimage\"},\"thumbnailUrl\":\"https:\\\/\\\/www.engrenages.eu\\\/wp-content\\\/uploads\\\/2022\\\/01\\\/264838260_3486696458223436_8996125827825465344_n.jpg\",\"datePublished\":\"2022-04-07T14:22:14+00:00\",\"dateModified\":\"2023-01-10T15:39:49+00:00\",\"breadcrumb\":{\"@id\":\"https:\\\/\\\/www.engrenages.eu\\\/en\\\/evenement\\\/communaute-representation-avec-choeur-de-danseurs\\\/#breadcrumb\"},\"inLanguage\":\"en-US\",\"potentialAction\":[{\"@type\":\"ReadAction\",\"target\":[\"https:\\\/\\\/www.engrenages.eu\\\/en\\\/evenement\\\/communaute-representation-avec-choeur-de-danseurs\\\/\"]}]},{\"@type\":\"ImageObject\",\"inLanguage\":\"en-US\",\"@id\":\"https:\\\/\\\/www.engrenages.eu\\\/en\\\/evenement\\\/communaute-representation-avec-choeur-de-danseurs\\\/#primaryimage\",\"url\":\"https:\\\/\\\/www.engrenages.eu\\\/wp-content\\\/uploads\\\/2022\\\/01\\\/264838260_3486696458223436_8996125827825465344_n.jpg\",\"contentUrl\":\"https:\\\/\\\/www.engrenages.eu\\\/wp-content\\\/uploads\\\/2022\\\/01\\\/264838260_3486696458223436_8996125827825465344_n.jpg\",\"width\":2048,\"height\":1365},{\"@type\":\"BreadcrumbList\",\"@id\":\"https:\\\/\\\/www.engrenages.eu\\\/en\\\/evenement\\\/communaute-representation-avec-choeur-de-danseurs\\\/#breadcrumb\",\"itemListElement\":[{\"@type\":\"ListItem\",\"position\":1,\"name\":\"Home\",\"item\":\"https:\\\/\\\/www.engrenages.eu\\\/en\\\/home\\\/\"},{\"@type\":\"ListItem\",\"position\":2,\"name\":\"Events\",\"item\":\"https:\\\/\\\/www.engrenages.eu\\\/en\\\/evenements\\\/\"},{\"@type\":\"ListItem\",\"position\":3,\"name\":\"COMMUNAUT\u00c9 \u2013 repr\u00e9sentation avec Choeur de Danseurs \u2013 Dalle Kennedy\"}]},{\"@type\":\"WebSite\",\"@id\":\"https:\\\/\\\/www.engrenages.eu\\\/en\\\/#website\",\"url\":\"https:\\\/\\\/www.engrenages.eu\\\/en\\\/\",\"name\":\"Engrenage[s]\",\"description\":\"G\u00e9n\u00e9rateur de projets artistiques \u00e0 Rennes\",\"publisher\":{\"@id\":\"https:\\\/\\\/www.engrenages.eu\\\/en\\\/#organization\"},\"potentialAction\":[{\"@type\":\"SearchAction\",\"target\":{\"@type\":\"EntryPoint\",\"urlTemplate\":\"https:\\\/\\\/www.engrenages.eu\\\/en\\\/?s={search_term_string}\"},\"query-input\":{\"@type\":\"PropertyValueSpecification\",\"valueRequired\":true,\"valueName\":\"search_term_string\"}}],\"inLanguage\":\"en-US\"},{\"@type\":\"Organization\",\"@id\":\"https:\\\/\\\/www.engrenages.eu\\\/en\\\/#organization\",\"name\":\"Engrenage[s]\",\"url\":\"https:\\\/\\\/www.engrenages.eu\\\/en\\\/\",\"logo\":{\"@type\":\"ImageObject\",\"inLanguage\":\"en-US\",\"@id\":\"https:\\\/\\\/www.engrenages.eu\\\/en\\\/#\\\/schema\\\/logo\\\/image\\\/\",\"url\":\"https:\\\/\\\/www.engrenages.eu\\\/wp-content\\\/uploads\\\/2017\\\/08\\\/logo-retina.png\",\"contentUrl\":\"https:\\\/\\\/www.engrenages.eu\\\/wp-content\\\/uploads\\\/2017\\\/08\\\/logo-retina.png\",\"width\":400,\"height\":100,\"caption\":\"Engrenage[s]\"},\"image\":{\"@id\":\"https:\\\/\\\/www.engrenages.eu\\\/en\\\/#\\\/schema\\\/logo\\\/image\\\/\"},\"sameAs\":[\"https:\\\/\\\/www.facebook.com\\\/engrenagesrennes\",\"https:\\\/\\\/www.instagram.com\\\/engrenages_rennes\\\/\",\"https:\\\/\\\/www.youtube.com\\\/user\\\/compagnieengrenage\"]}]}<\/script>\n<!-- \/ Yoast SEO plugin. -->","yoast_head_json":{"title":"COMMUNAUT\u00c9 - repr\u00e9sentation avec Choeur de Danseurs - Dalle Kennedy - Engrenage[s], G\u00e9n\u00e9rateur de projets artistiques \u00e0 Rennes","robots":{"index":"index","follow":"follow","max-snippet":"max-snippet:-1","max-image-preview":"max-image-preview:large","max-video-preview":"max-video-preview:-1"},"canonical":"https:\/\/www.engrenages.eu\/en\/evenement\/communaute-representation-avec-choeur-de-danseurs\/","og_locale":"en_US","og_type":"article","og_title":"COMMUNAUT\u00c9 - repr\u00e9sentation avec Choeur de Danseurs - Dalle Kennedy - Engrenage[s], G\u00e9n\u00e9rateur de projets artistiques \u00e0 Rennes","og_description":"\u00ab&nbsp;Com\u00admu\u00adnau\u00adt\u00e9&nbsp;\u00bb Cette cr\u00e9a\u00adtion cho\u00adr\u00e9\u00adgra\u00adphique par Elo\u00addie Beau\u00addet et Franck Gui\u00adzonne aka Fran\u00adco, est le fruit d\u2019une recherche par\u00adtant des sin\u00adgu\u00adla\u00adri\u00adt\u00e9s de chaque dan\u00adseur-se, pour aller vers la construc\u00adtion d\u2019une his\u00adtoire...","og_url":"https:\/\/www.engrenages.eu\/en\/evenement\/communaute-representation-avec-choeur-de-danseurs\/","og_site_name":"Engrenage[s]","article_publisher":"https:\/\/www.facebook.com\/engrenagesrennes","article_modified_time":"2023-01-10T15:39:49+00:00","og_image":[{"width":2048,"height":1365,"url":"https:\/\/www.engrenages.eu\/wp-content\/uploads\/2022\/01\/264838260_3486696458223436_8996125827825465344_n.jpg","type":"image\/jpeg"}],"twitter_card":"summary_large_image","twitter_misc":{"Est. reading time":"1 minute"},"schema":{"@context":"https:\/\/schema.org","@graph":[{"@type":"WebPage","@id":"https:\/\/www.engrenages.eu\/en\/evenement\/communaute-representation-avec-choeur-de-danseurs\/","url":"https:\/\/www.engrenages.eu\/en\/evenement\/communaute-representation-avec-choeur-de-danseurs\/","name":"COMMUNAUT\u00c9 - repr\u00e9sentation avec Choeur de Danseurs - Dalle Kennedy - Engrenage[s], G\u00e9n\u00e9rateur de projets artistiques \u00e0 Rennes","isPartOf":{"@id":"https:\/\/www.engrenages.eu\/en\/#website"},"primaryImageOfPage":{"@id":"https:\/\/www.engrenages.eu\/en\/evenement\/communaute-representation-avec-choeur-de-danseurs\/#primaryimage"},"image":{"@id":"https:\/\/www.engrenages.eu\/en\/evenement\/communaute-representation-avec-choeur-de-danseurs\/#primaryimage"},"thumbnailUrl":"https:\/\/www.engrenages.eu\/wp-content\/uploads\/2022\/01\/264838260_3486696458223436_8996125827825465344_n.jpg","datePublished":"2022-04-07T14:22:14+00:00","dateModified":"2023-01-10T15:39:49+00:00","breadcrumb":{"@id":"https:\/\/www.engrenages.eu\/en\/evenement\/communaute-representation-avec-choeur-de-danseurs\/#breadcrumb"},"inLanguage":"en-US","potentialAction":[{"@type":"ReadAction","target":["https:\/\/www.engrenages.eu\/en\/evenement\/communaute-representation-avec-choeur-de-danseurs\/"]}]},{"@type":"ImageObject","inLanguage":"en-US","@id":"https:\/\/www.engrenages.eu\/en\/evenement\/communaute-representation-avec-choeur-de-danseurs\/#primaryimage","url":"https:\/\/www.engrenages.eu\/wp-content\/uploads\/2022\/01\/264838260_3486696458223436_8996125827825465344_n.jpg","contentUrl":"https:\/\/www.engrenages.eu\/wp-content\/uploads\/2022\/01\/264838260_3486696458223436_8996125827825465344_n.jpg","width":2048,"height":1365},{"@type":"BreadcrumbList","@id":"https:\/\/www.engrenages.eu\/en\/evenement\/communaute-representation-avec-choeur-de-danseurs\/#breadcrumb","itemListElement":[{"@type":"ListItem","position":1,"name":"Home","item":"https:\/\/www.engrenages.eu\/en\/home\/"},{"@type":"ListItem","position":2,"name":"Events","item":"https:\/\/www.engrenages.eu\/en\/evenements\/"},{"@type":"ListItem","position":3,"name":"COMMUNAUT\u00c9 \u2013 repr\u00e9sentation avec Choeur de Danseurs \u2013 Dalle Kennedy"}]},{"@type":"WebSite","@id":"https:\/\/www.engrenages.eu\/en\/#website","url":"https:\/\/www.engrenages.eu\/en\/","name":"Engrenage[s]","description":"G\u00e9n\u00e9rateur de projets artistiques \u00e0 Rennes","publisher":{"@id":"https:\/\/www.engrenages.eu\/en\/#organization"},"potentialAction":[{"@type":"SearchAction","target":{"@type":"EntryPoint","urlTemplate":"https:\/\/www.engrenages.eu\/en\/?s={search_term_string}"},"query-input":{"@type":"PropertyValueSpecification","valueRequired":true,"valueName":"search_term_string"}}],"inLanguage":"en-US"},{"@type":"Organization","@id":"https:\/\/www.engrenages.eu\/en\/#organization","name":"Engrenage[s]","url":"https:\/\/www.engrenages.eu\/en\/","logo":{"@type":"ImageObject","inLanguage":"en-US","@id":"https:\/\/www.engrenages.eu\/en\/#\/schema\/logo\/image\/","url":"https:\/\/www.engrenages.eu\/wp-content\/uploads\/2017\/08\/logo-retina.png","contentUrl":"https:\/\/www.engrenages.eu\/wp-content\/uploads\/2017\/08\/logo-retina.png","width":400,"height":100,"caption":"Engrenage[s]"},"image":{"@id":"https:\/\/www.engrenages.eu\/en\/#\/schema\/logo\/image\/"},"sameAs":["https:\/\/www.facebook.com\/engrenagesrennes","https:\/\/www.instagram.com\/engrenages_rennes\/","https:\/\/www.youtube.com\/user\/compagnieengrenage"]}]}},"_links":{"self":[{"href":"https:\/\/www.engrenages.eu\/en\/wp-json\/wp\/v2\/tribe_events\/22961","targetHints":{"allow":["GET"]}}],"collection":[{"href":"https:\/\/www.engrenages.eu\/en\/wp-json\/wp\/v2\/tribe_events"}],"about":[{"href":"https:\/\/www.engrenages.eu\/en\/wp-json\/wp\/v2\/types\/tribe_events"}],"author":[{"embeddable":true,"href":"https:\/\/www.engrenages.eu\/en\/wp-json\/wp\/v2\/users\/3"}],"replies":[{"embeddable":true,"href":"https:\/\/www.engrenages.eu\/en\/wp-json\/wp\/v2\/comments?post=22961"}],"version-history":[{"count":0,"href":"https:\/\/www.engrenages.eu\/en\/wp-json\/wp\/v2\/tribe_events\/22961\/revisions"}],"wp:featuredmedia":[{"embeddable":true,"href":"https:\/\/www.engrenages.eu\/en\/wp-json\/wp\/v2\/media\/22628"}],"wp:attachment":[{"href":"https:\/\/www.engrenages.eu\/en\/wp-json\/wp\/v2\/media?parent=22961"}],"wp:term":[{"taxonomy":"post_tag","embeddable":true,"href":"https:\/\/www.engrenages.eu\/en\/wp-json\/wp\/v2\/tags?post=22961"},{"taxonomy":"tribe_events_cat","embeddable":true,"href":"https:\/\/www.engrenages.eu\/en\/wp-json\/wp\/v2\/tribe_events_cat?post=22961"}],"curies":[{"name":"wp","href":"https:\/\/api.w.org\/{rel}","templated":true}]}}